{"id":504,"date":"2017-10-12T10:41:55","date_gmt":"2017-10-12T13:41:55","guid":{"rendered":"http:\/\/santodomingo.eventosapf.com\/?page_id=504"},"modified":"2018-03-05T21:44:37","modified_gmt":"2018-03-06T00:44:37","slug":"presentaciones2","status":"publish","type":"page","link":"https:\/\/santodomingo.eventosapf.com\/es\/presentaciones2\/","title":{"rendered":"Presentaciones"},"content":{"rendered":"<p><strong><a href=\"http:\/\/santodomingo.eventosapf.com\/wp-content\/uploads\/2017\/10\/01-Castillo-esp.pdf\">El desarrollo de la construcci\u00f3n en la Rep\u00fablica Dominicana<\/a>\u00a0\u00a0<a href=\"http:\/\/santodomingo.eventosapf.com\/wp-content\/uploads\/2017\/10\/01-Castillo-esp.pdf\"><img loading=\"lazy\" decoding=\"async\" class=\"alignnone wp-image-507\" src=\"http:\/\/santodomingo.eventosapf.com\/wp-content\/uploads\/2017\/10\/adobe-pdf-150x150.png\" alt=\"\" width=\"33\" height=\"34\" \/><\/a><\/strong><\/p>\n<ul>\n<li>Gonzalo Castillo (Ministro de Obras P\u00fablicas y Comunicaciones, Rep\u00fablica Dominicana)<\/li>\n<\/ul>\n<p><strong><a href=\"http:\/\/santodomingo.eventosapf.com\/wp-content\/uploads\/2017\/10\/02-Villaman-esp.pdf\">Perspectiva del mercado asegurador dominicano con un apartado especial sobre el mercado de fianzas<\/a>\u00a0<a href=\"http:\/\/santodomingo.eventosapf.com\/wp-content\/uploads\/2017\/10\/02-Villaman-esp.pdf\"><img loading=\"lazy\" decoding=\"async\" class=\"alignnone wp-image-507\" src=\"http:\/\/santodomingo.eventosapf.com\/wp-content\/uploads\/2017\/10\/adobe-pdf-150x150.png\" alt=\"\" width=\"33\" height=\"34\" \/><\/a><\/strong><\/p>\n<p>C\u00e1mara Dominicana de Aseguradores y Reaseguradores, CADOAR<\/p>\n<ul>\n<li>Miguel Villam\u00e1n (Presidente Ejecutivo)<\/li>\n<\/ul>\n<table width=\"584\">\n<tbody>\n<tr>\n<td width=\"521\"><strong>Reclamos en garant\u00edas a primer requerimiento.\u00a0\u00a0<\/strong><strong>Experiencia comparativa de tres pa\u00edses.\u00a0<\/strong><strong>El an\u00e1lisis del Comit\u00e9 Jur\u00eddico de la APF<\/strong><\/p>\n<p>Coordinador:<\/p>\n<ul>\n<li>\u00a0 \u00a0 <strong>\u00a0<a href=\"http:\/\/santodomingo.eventosapf.com\/wp-content\/uploads\/2017\/10\/03-Hiteshew-esp.pdf\">Clementina Hiteshew (L\u00edder de Proyecto, Special Proj. IC, Liberty Mutual Insurance Co., Estados Unidos)<\/a><\/strong>\u00a0<a href=\"http:\/\/santodomingo.eventosapf.com\/wp-content\/uploads\/2017\/10\/03-Hiteshew-esp.pdf\"><strong><img loading=\"lazy\" decoding=\"async\" class=\"alignnone wp-image-507\" src=\"http:\/\/santodomingo.eventosapf.com\/wp-content\/uploads\/2017\/10\/adobe-pdf-150x150.png\" alt=\"\" width=\"33\" height=\"34\" \/><\/strong><\/a><\/li>\n<\/ul>\n<p><strong>\u00a0<\/strong><\/p>\n<p>Oradores:<\/p>\n<ul>\n<li><strong><a href=\"http:\/\/santodomingo.eventosapf.com\/wp-content\/uploads\/2017\/10\/04-Ortiz-esp.pdf\">Rep\u00fablica Dominicana<\/a>\u00a0<a href=\"http:\/\/santodomingo.eventosapf.com\/wp-content\/uploads\/2017\/10\/04-Ortiz-esp.pdf\"><img loading=\"lazy\" decoding=\"async\" class=\"alignnone wp-image-507\" src=\"http:\/\/santodomingo.eventosapf.com\/wp-content\/uploads\/2017\/10\/adobe-pdf-150x150.png\" alt=\"\" width=\"33\" height=\"34\" \/><\/a><\/strong><\/li>\n<\/ul>\n<p>Valent\u00edn Ortiz (Director T\u00e9cnico, General de Seguros)<\/p>\n<ul>\n<li><strong><a href=\"http:\/\/santodomingo.eventosapf.com\/wp-content\/uploads\/2017\/10\/05-Chacon-esp.pdf\">El Salvador<\/a>\u00a0<a href=\"http:\/\/santodomingo.eventosapf.com\/wp-content\/uploads\/2017\/10\/05-Chacon-esp.pdf\"><img loading=\"lazy\" decoding=\"async\" class=\"alignnone wp-image-507\" src=\"http:\/\/santodomingo.eventosapf.com\/wp-content\/uploads\/2017\/10\/adobe-pdf-150x150.png\" alt=\"\" width=\"33\" height=\"34\" \/><\/a><\/strong><\/li>\n<\/ul>\n<p>Eduardo Chac\u00f3n (Director Ejecutivo, La Central de Seguros y Fianzas S.A.)<\/p>\n<ul>\n<li><strong><a href=\"http:\/\/santodomingo.eventosapf.com\/wp-content\/uploads\/2017\/10\/06-Campero-Velez-esp.pdf\">M\u00e9xico<\/a>\u00a0<a href=\"http:\/\/santodomingo.eventosapf.com\/wp-content\/uploads\/2017\/10\/06-Campero-Velez-esp.pdf\"><img loading=\"lazy\" decoding=\"async\" class=\"alignnone wp-image-507\" src=\"http:\/\/santodomingo.eventosapf.com\/wp-content\/uploads\/2017\/10\/adobe-pdf-150x150.png\" alt=\"\" width=\"33\" height=\"34\" \/><\/a><\/strong><\/li>\n<\/ul>\n<p>Jos\u00e9 Manuel Campero V\u00e9lez (Director Jur\u00eddico, Afianzadora Sofimex S.A.)<\/p>\n<p>&nbsp;<\/td>\n<\/tr>\n<\/tbody>\n<\/table>\n<p><strong>Las fianzas judiciales en Brasil. Antecedentes, caracter\u00edsticas y suscripci\u00f3n<\/strong><\/p>\n<p>Oradores:<\/p>\n<ul>\n<li><strong><a href=\"http:\/\/santodomingo.eventosapf.com\/wp-content\/uploads\/2017\/10\/07-Nobrega-esp.pdf\">Desde la perspectiva del asegurador<\/a><\/strong>\u00a0<a href=\"http:\/\/santodomingo.eventosapf.com\/wp-content\/uploads\/2017\/10\/07-Nobrega-esp.pdf\"><strong><img loading=\"lazy\" decoding=\"async\" class=\"alignnone wp-image-507\" src=\"http:\/\/santodomingo.eventosapf.com\/wp-content\/uploads\/2017\/10\/adobe-pdf-150x150.png\" alt=\"\" width=\"33\" height=\"34\" \/><\/strong><\/a><\/li>\n<\/ul>\n<p>Eduardo N\u00f3brega (Director, J.Malucelli Resseguradora, Brasil)<\/p>\n<ul>\n<li><strong><a href=\"http:\/\/santodomingo.eventosapf.com\/wp-content\/uploads\/2017\/10\/08-Winzap-esp.pdf\">Desde la perspectiva del reasegurador<\/a><\/strong>\u00a0<a href=\"http:\/\/santodomingo.eventosapf.com\/wp-content\/uploads\/2017\/10\/08-Winzap-esp.pdf\"><strong><img loading=\"lazy\" decoding=\"async\" class=\"alignnone wp-image-507\" src=\"http:\/\/santodomingo.eventosapf.com\/wp-content\/uploads\/2017\/10\/adobe-pdf-150x150.png\" alt=\"\" width=\"33\" height=\"34\" \/><\/strong><\/a><\/li>\n<\/ul>\n<p>Felix Winzap (Director de Suscripci\u00f3n, Reaseguro Fianzas y Cr\u00e9dito Global, XL Catlin Re, Suiza)<\/p>\n","protected":false},"excerpt":{"rendered":"<p>El desarrollo de la construcci\u00f3n en la Rep\u00fablica Dominicana\u00a0\u00a0 Gonzalo Castillo (Ministro de Obras P\u00fablicas&#8230;<\/p>\n","protected":false},"author":1,"featured_media":0,"parent":0,"menu_order":0,"comment_status":"closed","ping_status":"closed","template":"template-full-width.php","meta":{"footnotes":""},"class_list":["post-504","page","type-page","status-publish","hentry"],"_links":{"self":[{"href":"https:\/\/santodomingo.eventosapf.com\/es\/wp-json\/wp\/v2\/pages\/504","targetHints":{"allow":["GET"]}}],"collection":[{"href":"https:\/\/santodomingo.eventosapf.com\/es\/wp-json\/wp\/v2\/pages"}],"about":[{"href":"https:\/\/santodomingo.eventosapf.com\/es\/wp-json\/wp\/v2\/types\/page"}],"author":[{"embeddable":true,"href":"https:\/\/santodomingo.eventosapf.com\/es\/wp-json\/wp\/v2\/users\/1"}],"replies":[{"embeddable":true,"href":"https:\/\/santodomingo.eventosapf.com\/es\/wp-json\/wp\/v2\/comments?post=504"}],"version-history":[{"count":5,"href":"https:\/\/santodomingo.eventosapf.com\/es\/wp-json\/wp\/v2\/pages\/504\/revisions"}],"predecessor-version":[{"id":515,"href":"https:\/\/santodomingo.eventosapf.com\/es\/wp-json\/wp\/v2\/pages\/504\/revisions\/515"}],"wp:attachment":[{"href":"https:\/\/santodomingo.eventosapf.com\/es\/wp-json\/wp\/v2\/media?parent=504"}],"curies":[{"name":"wp","href":"https:\/\/api.w.org\/{rel}","templated":true}]}}