{"id":30,"date":"2017-03-22T21:46:57","date_gmt":"2017-03-22T21:46:57","guid":{"rendered":"http:\/\/santodomingo.eventosapf.com\/escuela-pasa\/"},"modified":"2017-09-27T20:56:11","modified_gmt":"2017-09-27T23:56:11","slug":"escuela-pasa","status":"publish","type":"page","link":"https:\/\/santodomingo.eventosapf.com\/es\/escuela-pasa\/","title":{"rendered":"Escuela PASA"},"content":{"rendered":"<h1 style=\"text-align: center;\">VI ESCUELA PASA<\/h1>\n<p style=\"text-align: center;\">Lunes 2 y martes 3 de octubre de 2017<\/p>\n<h2><\/h2>\n<h2>ESCUELA DE CAPACITACI\u00d3N PARA SUSCRIPTORES<\/h2>\n<p>Con el fin de seguir fomentando la capacitaci\u00f3n de los miembros de la APF, sus autoridades han decidido continuar con la promoci\u00f3n de este programa.<\/p>\n<p>Llevamos a cabo exitosamente la I Escuela en la ciudad de San Jos\u00e9 de Costa Rica, en octubre de 2012, la II Escuela en la ciudad de Santa Cruz de la Sierra, Bolivia, en octubre de 2013, la III Escuela en la ciudad de Vi\u00f1a del Mar, Chile, en setiembre de 2014, la IV Escuela en la ciudad de Asunci\u00f3n, Paraguay en octubre de 2015 y la V Escuela en la ciudad de San Juan, Puerto Rico, dentro del marco de los Seminarios T\u00e9cnicos.<\/p>\n<p>Mientras continuamos trabajando en el desarrollo de este modelo de formaci\u00f3n para todas las \u00e1reas de especializaci\u00f3n requeridas por nuestros suscriptores, volveremos a repetir la experiencia para que m\u00e1s funcionarios puedan tener acceso a esta herramienta de capacitaci\u00f3n.<\/p>\n<p>Se trata de un entrenamiento espec\u00edfico que \u2013seg\u00fan entendemos\u2013 no ofrece ninguna universidad ni instituto en el continente americano, donde hoy se encuentra la mayor cantidad de los miembros.<\/p>\n<p>La intenci\u00f3n es que adquieran conocimientos sobre la industria aquellos suscriptores de compa\u00f1\u00edas que no disponen de programas internos de capacitaci\u00f3n integrales.<\/p>\n<p>Es un curso acad\u00e9mico, de alto impacto, dirigido a suscriptores con experiencia de dos a\u00f1os o m\u00e1s, orientado a fortalecer sus \u00e1reas de conocimiento y brindar al participante una inmersi\u00f3n m\u00e1s profunda en la industria sobre los temas relevantes de su gesti\u00f3n.<\/p>\n<p>Contaremos con material de lectura previo y cada instructor podr\u00e1 requerir a los asistentes la resoluci\u00f3n de casos, comprobaciones de lectura, ex\u00e1menes, o trabajos individuales y en grupo.<\/p>\n<p>Considerando las opiniones de nuestros miembros, en esta edici\u00f3n les ofrecemos un programa acad\u00e9mico que contar\u00e1 con traducci\u00f3n simult\u00e1nea (espa\u00f1ol \u2013 ingl\u00e9s \/ ingl\u00e9s \u2013 espa\u00f1ol) para que todos los funcionarios de nuestras compa\u00f1\u00edas miembro puedan participar sin restricciones idiom\u00e1ticas.<\/p>\n<p><strong>Haga click para visualizar los diferentes\u00a0m\u00f3dulos<\/strong><\/p>\n<p>[vision_accordion_set] [vision_accordion title=&#8221;M\u00f3dulos I, II, III y IV&#8221; active=&#8221;no&#8221;]<\/p>\n<p>[gview file=&#8221;http:\/\/santodomingo.eventosapf.com\/wp-content\/uploads\/2017\/09\/Programa-escuela-modulos-iniciales-2017-09-08-sp-para-Web.pdf&#8221;]<\/p>\n<p>[\/vision_accordion] [\/vision_accordion_set]<\/p>\n<p>[vision_accordion_set] [vision_accordion title=&#8221;M\u00f3dulos V, VI, VII y VIII&#8221; active=&#8221;no&#8221;]<\/p>\n<p>[gview file=&#8221;http:\/\/santodomingo.eventosapf.com\/wp-content\/uploads\/2017\/09\/Programa-escuela-modulos-complementarios-2017-09-08-sp-para-Web.pdf&#8221;]<\/p>\n<p>[\/vision_accordion] [\/vision_accordion_set]<\/p>\n<p>&nbsp;<\/p>\n<h1 style=\"text-align: center;\"><strong>\u00a0<\/strong>I ESCUELA PASA DE SEGURO DE CR\u00c9DITO<\/h1>\n<p style=\"text-align: center;\">Martes 3 de octubre de 2017<\/p>\n<h2><\/h2>\n<h2>ESCUELA DE CAPACITACI\u00d3N PARA SUSCRIPTORES<\/h2>\n<p>En los \u00faltimos seminarios que ha organizado la Asociaci\u00f3n, hemos llevado a cabo exitosamente cinco ediciones de la Escuela PASA con contenidos enfocados en el tema de fianzas y cauci\u00f3n. En esta oportunidad, con el fin de seguir contribuyendo a la formaci\u00f3n de nuestros miembros y fomentar la difusi\u00f3n del seguro de cr\u00e9dito en Latinoam\u00e9rica, nos complace presentar la <strong>I Escuela PASA de Seguro de Cr\u00e9dito<\/strong>.<\/p>\n<p>Este nuevo programa se desarrollar\u00e1 en la ciudad de Santo Domingo, Rep\u00fablica Dominicana, en el marco del XIV Seminario T\u00e9cnico y abarcar\u00e1 contenidos introductorios sobre este instrumento, elaborados por el Comit\u00e9 de Seguro de Cr\u00e9dito de la APF.<\/p>\n<p>Se trata de un entrenamiento espec\u00edfico ideado para que adquieran conocimientos sobre este producto de gran potencial aquellos suscriptores de compa\u00f1\u00edas que no disponen de programas internos de capacitaci\u00f3n integrales.<\/p>\n<p>Este primer m\u00f3dulo de iniciaci\u00f3n al seguro de cr\u00e9dito est\u00e1 dirigido a suscriptores con poca o nula experiencia, que desean comenzar esta actividad y conocer los fundamentos de este seguro, su proceso de suscripci\u00f3n y las distintas fases de su administraci\u00f3n.<\/p>\n<p>Durante la jornada de capacitaci\u00f3n, cada instructor podr\u00e1 requerir a los asistentes la resoluci\u00f3n de casos, comprobaciones de lectura, ex\u00e1menes o trabajos individuales y en grupo. Se distribuir\u00e1 material de lectura previo para los participantes.<\/p>\n<p>El programa se desarrollar\u00e1 con traducci\u00f3n simult\u00e1nea (espa\u00f1ol-ingl\u00e9s\/ingl\u00e9s-espa\u00f1ol) para que los funcionarios de las compa\u00f1\u00edas miembro puedan participar sin limitaciones idiom\u00e1ticas.<\/p>\n<p><strong>Haga click para visualizar los diferentes\u00a0m\u00f3dulos<\/strong><\/p>\n<p>[vision_accordion_set] [vision_accordion title=&#8221;M\u00f3dulos I, II, III y IV&#8221; active=&#8221;no&#8221;]<\/p>\n<p>[gview file=&#8221;http:\/\/santodomingo.eventosapf.com\/wp-content\/uploads\/2017\/08\/Programa-escuela-credito-2017-08-24-sp-para-web.pdf&#8221;]<\/p>\n<p>[\/vision_accordion] [\/vision_accordion_set]<\/p>\n<h2><\/h2>\n","protected":false},"excerpt":{"rendered":"<p>VI ESCUELA PASA Lunes 2 y martes 3 de octubre de 2017 ESCUELA DE CAPACITACI\u00d3N&#8230;<\/p>\n","protected":false},"author":1,"featured_media":0,"parent":0,"menu_order":0,"comment_status":"closed","ping_status":"closed","template":"template-full-width.php","meta":{"footnotes":""},"class_list":["post-30","page","type-page","status-publish","hentry"],"_links":{"self":[{"href":"https:\/\/santodomingo.eventosapf.com\/es\/wp-json\/wp\/v2\/pages\/30","targetHints":{"allow":["GET"]}}],"collection":[{"href":"https:\/\/santodomingo.eventosapf.com\/es\/wp-json\/wp\/v2\/pages"}],"about":[{"href":"https:\/\/santodomingo.eventosapf.com\/es\/wp-json\/wp\/v2\/types\/page"}],"author":[{"embeddable":true,"href":"https:\/\/santodomingo.eventosapf.com\/es\/wp-json\/wp\/v2\/users\/1"}],"replies":[{"embeddable":true,"href":"https:\/\/santodomingo.eventosapf.com\/es\/wp-json\/wp\/v2\/comments?post=30"}],"version-history":[{"count":14,"href":"https:\/\/santodomingo.eventosapf.com\/es\/wp-json\/wp\/v2\/pages\/30\/revisions"}],"predecessor-version":[{"id":465,"href":"https:\/\/santodomingo.eventosapf.com\/es\/wp-json\/wp\/v2\/pages\/30\/revisions\/465"}],"wp:attachment":[{"href":"https:\/\/santodomingo.eventosapf.com\/es\/wp-json\/wp\/v2\/media?parent=30"}],"curies":[{"name":"wp","href":"https:\/\/api.w.org\/{rel}","templated":true}]}}